{"id":412,"date":"2020-12-01T10:05:20","date_gmt":"2020-12-01T09:05:20","guid":{"rendered":"http:\/\/incidence-revue.fr\/?page_id=412"},"modified":"2022-05-04T18:47:26","modified_gmt":"2022-05-04T16:47:26","slug":"nos-videos","status":"publish","type":"page","link":"https:\/\/incidence-revue.fr\/index.php\/nos-videos\/","title":{"rendered":"Entretiens"},"content":{"rendered":"\n<p><iframe loading=\"lazy\" src=\"https:\/\/www.youtube.com\/embed\/QUCqmqXMVEs?rel=0\" width=\"560\" height=\"315\" frameborder=\"0\" allowfullscreen=\"allowfullscreen\"><\/iframe><\/p>\n<h1 style=\"text-align: left;\"><strong>Conversation avec Carlo Ginzburg <\/strong><\/h1>\n<h2 style=\"text-align: left;\">avec la participation de Giordana Charuty, Alfred Adler et Patrick Lacoste.<\/h2>\n<p>Cette rencontre en visioconf\u00e9rence a \u00e9t\u00e9 organis\u00e9e le 18 novembre 2020 par la r\u00e9daction de la revue Incidence \u00e0 l&rsquo;occasion de la publication de :<br \/>&#8211; Correspondance autour de Freud (1971-1995) de Carlo Ginzburg et Sebastiano Timpanaro (Trad. Martin Rueff)<br \/>&#8211; Mise en abyme : un recadrage, de Carlo Ginzburg (Trad. Pierre Antoine Fabre)<\/p>\n<p><span style=\"color: #333333; font-family: -apple-system, BlinkMacSystemFont, Segoe UI, Roboto, Helvetica Neue, Arial, Noto Sans, sans-serif;\">dans le num\u00e9ro 15 de la revue Inci<\/span><i>dence<\/i><span style=\"color: #333333; font-family: -apple-system, BlinkMacSystemFont, Segoe UI, Roboto, Helvetica Neue, Arial, Noto Sans, sans-serif;\">, rubrique Prismes :\u202f<\/span><i>dossier Carlo Ginzburg. Le d\u00e9tail et\u00a0<\/i><span style=\"color: #333333; font-family: -apple-system, BlinkMacSystemFont, Segoe UI, Roboto, Helvetica Neue, Arial, Noto Sans, sans-serif;\"><i>l\u2019ab\u00eeme<\/i><\/span><span style=\"color: #333333; font-family: -apple-system, BlinkMacSystemFont, Segoe UI, Roboto, Helvetica Neue, Arial, Noto Sans, sans-serif;\">, pr\u00e9sent\u00e9 par Muriel Pic.<\/span><\/p>\n<p>\u00c9ditions Kim\u00e9 2020.<\/p>\n<p><span style=\"color: #333333; font-family: -apple-system, BlinkMacSystemFont, Segoe UI, Roboto, Helvetica Neue, Arial, Noto Sans, sans-serif;\">\u00a0<\/span><\/p>\n","protected":false},"excerpt":{"rendered":"<p>Conversation avec Carlo Ginzburg avec la participation de Giordana Charuty, Alfred Adler et Patrick Lacoste. Cette rencontre en visioconf\u00e9rence a \u00e9t\u00e9 organis\u00e9e le 18 novembre 2020 par la r\u00e9daction de la revue Incidence \u00e0 l&rsquo;occasion de la publication de :&#8211; Correspondance autour de Freud (1971-1995) de Carlo Ginzburg et Sebastiano Timpanaro (Trad. Martin Rueff)&#8211; Mise [&hellip;]<\/p>\n","protected":false},"author":1,"featured_media":0,"parent":0,"menu_order":0,"comment_status":"closed","ping_status":"closed","template":"","meta":[],"acf":[],"yoast_head":"<!-- This site is optimized with the Yoast SEO plugin v18.5.1 - https:\/\/yoast.com\/wordpress\/plugins\/seo\/ -->\n<title>Entretiens - INCIDENCE<\/title>\n<meta name=\"description\" content=\"Le nouveau num\u00e9ro 15 : \u00ab V\u00e9rit\u00e9, fiction : faire vrai ou dire juste \u00bb sortira au printemps 2020 aux \u00e9ditions Kim\u00e9.\" \/>\n<meta name=\"robots\" content=\"index, follow, max-snippet:-1, max-image-preview:large, max-video-preview:-1\" \/>\n<link rel=\"canonical\" href=\"https:\/\/incidence-revue.fr\/index.php\/nos-videos\/\" \/>\n<meta property=\"og:locale\" content=\"fr_FR\" \/>\n<meta property=\"og:type\" content=\"article\" \/>\n<meta property=\"og:title\" content=\"Entretiens - INCIDENCE\" \/>\n<meta property=\"og:description\" content=\"Le nouveau num\u00e9ro 15 : \u00ab V\u00e9rit\u00e9, fiction : faire vrai ou dire juste \u00bb sortira au printemps 2020 aux \u00e9ditions Kim\u00e9.\" \/>\n<meta property=\"og:url\" content=\"https:\/\/incidence-revue.fr\/index.php\/nos-videos\/\" \/>\n<meta property=\"og:site_name\" content=\"INCIDENCE\" \/>\n<meta property=\"article:modified_time\" content=\"2022-05-04T16:47:26+00:00\" \/>\n<meta name=\"twitter:card\" content=\"summary_large_image\" \/>\n<meta name=\"twitter:label1\" content=\"Dur\u00e9e de lecture estim\u00e9e\" \/>\n\t<meta name=\"twitter:data1\" content=\"1 minute\" \/>\n<script type=\"application\/ld+json\" class=\"yoast-schema-graph\">{\"@context\":\"https:\/\/schema.org\",\"@graph\":[{\"@type\":\"Organization\",\"@id\":\"https:\/\/incidence-revue.fr\/#organization\",\"name\":\"Revue Incidence\",\"url\":\"https:\/\/incidence-revue.fr\/\",\"sameAs\":[],\"logo\":{\"@type\":\"ImageObject\",\"@id\":\"https:\/\/incidence-revue.fr\/#logo\",\"inLanguage\":\"fr-FR\",\"url\":\"http:\/\/incidence-revue.fr\/wp-content\/uploads\/2020\/12\/Logo-1-noir-1.jpg\",\"contentUrl\":\"http:\/\/incidence-revue.fr\/wp-content\/uploads\/2020\/12\/Logo-1-noir-1.jpg\",\"width\":233,\"height\":210,\"caption\":\"Revue Incidence\"},\"image\":{\"@id\":\"https:\/\/incidence-revue.fr\/#logo\"}},{\"@type\":\"WebSite\",\"@id\":\"https:\/\/incidence-revue.fr\/#website\",\"url\":\"https:\/\/incidence-revue.fr\/\",\"name\":\"INCIDENCE\",\"description\":\"PHILOSOPHIE, LITT\u00c9RATURE, SCIENCES HUMAINES ET SOCIALES\",\"publisher\":{\"@id\":\"https:\/\/incidence-revue.fr\/#organization\"},\"potentialAction\":[{\"@type\":\"SearchAction\",\"target\":{\"@type\":\"EntryPoint\",\"urlTemplate\":\"https:\/\/incidence-revue.fr\/?s={search_term_string}\"},\"query-input\":\"required name=search_term_string\"}],\"inLanguage\":\"fr-FR\"},{\"@type\":\"WebPage\",\"@id\":\"https:\/\/incidence-revue.fr\/index.php\/nos-videos\/#webpage\",\"url\":\"https:\/\/incidence-revue.fr\/index.php\/nos-videos\/\",\"name\":\"Entretiens - INCIDENCE\",\"isPartOf\":{\"@id\":\"https:\/\/incidence-revue.fr\/#website\"},\"datePublished\":\"2020-12-01T09:05:20+00:00\",\"dateModified\":\"2022-05-04T16:47:26+00:00\",\"description\":\"Le nouveau num\u00e9ro 15 : \u00ab V\u00e9rit\u00e9, fiction : faire vrai ou dire juste \u00bb sortira au printemps 2020 aux \u00e9ditions Kim\u00e9.\",\"breadcrumb\":{\"@id\":\"https:\/\/incidence-revue.fr\/index.php\/nos-videos\/#breadcrumb\"},\"inLanguage\":\"fr-FR\",\"potentialAction\":[{\"@type\":\"ReadAction\",\"target\":[\"https:\/\/incidence-revue.fr\/index.php\/nos-videos\/\"]}]},{\"@type\":\"BreadcrumbList\",\"@id\":\"https:\/\/incidence-revue.fr\/index.php\/nos-videos\/#breadcrumb\",\"itemListElement\":[{\"@type\":\"ListItem\",\"position\":1,\"name\":\"Home\",\"item\":\"https:\/\/incidence-revue.fr\/\"},{\"@type\":\"ListItem\",\"position\":2,\"name\":\"Entretiens\"}]}]}<\/script>\n<!-- \/ Yoast SEO plugin. -->","yoast_head_json":{"title":"Entretiens - INCIDENCE","description":"Le nouveau num\u00e9ro 15 : \u00ab V\u00e9rit\u00e9, fiction : faire vrai ou dire juste \u00bb sortira au printemps 2020 aux \u00e9ditions Kim\u00e9.","robots":{"index":"index","follow":"follow","max-snippet":"max-snippet:-1","max-image-preview":"max-image-preview:large","max-video-preview":"max-video-preview:-1"},"canonical":"https:\/\/incidence-revue.fr\/index.php\/nos-videos\/","og_locale":"fr_FR","og_type":"article","og_title":"Entretiens - INCIDENCE","og_description":"Le nouveau num\u00e9ro 15 : \u00ab V\u00e9rit\u00e9, fiction : faire vrai ou dire juste \u00bb sortira au printemps 2020 aux \u00e9ditions Kim\u00e9.","og_url":"https:\/\/incidence-revue.fr\/index.php\/nos-videos\/","og_site_name":"INCIDENCE","article_modified_time":"2022-05-04T16:47:26+00:00","twitter_card":"summary_large_image","twitter_misc":{"Dur\u00e9e de lecture estim\u00e9e":"1 minute"},"schema":{"@context":"https:\/\/schema.org","@graph":[{"@type":"Organization","@id":"https:\/\/incidence-revue.fr\/#organization","name":"Revue Incidence","url":"https:\/\/incidence-revue.fr\/","sameAs":[],"logo":{"@type":"ImageObject","@id":"https:\/\/incidence-revue.fr\/#logo","inLanguage":"fr-FR","url":"http:\/\/incidence-revue.fr\/wp-content\/uploads\/2020\/12\/Logo-1-noir-1.jpg","contentUrl":"http:\/\/incidence-revue.fr\/wp-content\/uploads\/2020\/12\/Logo-1-noir-1.jpg","width":233,"height":210,"caption":"Revue Incidence"},"image":{"@id":"https:\/\/incidence-revue.fr\/#logo"}},{"@type":"WebSite","@id":"https:\/\/incidence-revue.fr\/#website","url":"https:\/\/incidence-revue.fr\/","name":"INCIDENCE","description":"PHILOSOPHIE, LITT\u00c9RATURE, SCIENCES HUMAINES ET SOCIALES","publisher":{"@id":"https:\/\/incidence-revue.fr\/#organization"},"potentialAction":[{"@type":"SearchAction","target":{"@type":"EntryPoint","urlTemplate":"https:\/\/incidence-revue.fr\/?s={search_term_string}"},"query-input":"required name=search_term_string"}],"inLanguage":"fr-FR"},{"@type":"WebPage","@id":"https:\/\/incidence-revue.fr\/index.php\/nos-videos\/#webpage","url":"https:\/\/incidence-revue.fr\/index.php\/nos-videos\/","name":"Entretiens - INCIDENCE","isPartOf":{"@id":"https:\/\/incidence-revue.fr\/#website"},"datePublished":"2020-12-01T09:05:20+00:00","dateModified":"2022-05-04T16:47:26+00:00","description":"Le nouveau num\u00e9ro 15 : \u00ab V\u00e9rit\u00e9, fiction : faire vrai ou dire juste \u00bb sortira au printemps 2020 aux \u00e9ditions Kim\u00e9.","breadcrumb":{"@id":"https:\/\/incidence-revue.fr\/index.php\/nos-videos\/#breadcrumb"},"inLanguage":"fr-FR","potentialAction":[{"@type":"ReadAction","target":["https:\/\/incidence-revue.fr\/index.php\/nos-videos\/"]}]},{"@type":"BreadcrumbList","@id":"https:\/\/incidence-revue.fr\/index.php\/nos-videos\/#breadcrumb","itemListElement":[{"@type":"ListItem","position":1,"name":"Home","item":"https:\/\/incidence-revue.fr\/"},{"@type":"ListItem","position":2,"name":"Entretiens"}]}]}},"_links":{"self":[{"href":"https:\/\/incidence-revue.fr\/index.php\/wp-json\/wp\/v2\/pages\/412"}],"collection":[{"href":"https:\/\/incidence-revue.fr\/index.php\/wp-json\/wp\/v2\/pages"}],"about":[{"href":"https:\/\/incidence-revue.fr\/index.php\/wp-json\/wp\/v2\/types\/page"}],"author":[{"embeddable":true,"href":"https:\/\/incidence-revue.fr\/index.php\/wp-json\/wp\/v2\/users\/1"}],"replies":[{"embeddable":true,"href":"https:\/\/incidence-revue.fr\/index.php\/wp-json\/wp\/v2\/comments?post=412"}],"version-history":[{"count":18,"href":"https:\/\/incidence-revue.fr\/index.php\/wp-json\/wp\/v2\/pages\/412\/revisions"}],"predecessor-version":[{"id":988,"href":"https:\/\/incidence-revue.fr\/index.php\/wp-json\/wp\/v2\/pages\/412\/revisions\/988"}],"wp:attachment":[{"href":"https:\/\/incidence-revue.fr\/index.php\/wp-json\/wp\/v2\/media?parent=412"}],"curies":[{"name":"wp","href":"https:\/\/api.w.org\/{rel}","templated":true}]}}